{"id":87,"date":"2016-07-01T22:58:17","date_gmt":"2016-07-01T22:58:17","guid":{"rendered":"https:\/\/scmfronteira.pt\/?page_id=87"},"modified":"2019-04-27T16:27:12","modified_gmt":"2019-04-27T16:27:12","slug":"centro-de-dia-de-vale-de-maceiras","status":"publish","type":"page","link":"https:\/\/scmfronteira.pt\/?page_id=87","title":{"rendered":"Centro de Dia de Vale de Maceiras"},"content":{"rendered":"<p><img loading=\"lazy\" decoding=\"async\" class=\"alignnone wp-image-334\" src=\"http:\/\/scmfronteira.pt\/wp-content\/uploads\/2016\/07\/IMG_0799-300x200.jpg\" alt=\"img_0799\" width=\"270\" height=\"180\" srcset=\"https:\/\/scmfronteira.pt\/wp-content\/uploads\/2016\/07\/IMG_0799-300x200.jpg 300w, https:\/\/scmfronteira.pt\/wp-content\/uploads\/2016\/07\/IMG_0799-768x512.jpg 768w, https:\/\/scmfronteira.pt\/wp-content\/uploads\/2016\/07\/IMG_0799-1024x683.jpg 1024w\" sizes=\"auto, (max-width: 270px) 100vw, 270px\" \/> <img loading=\"lazy\" decoding=\"async\" class=\"alignnone wp-image-335\" src=\"http:\/\/scmfronteira.pt\/wp-content\/uploads\/2016\/07\/VM.3-300x200.jpg\" alt=\"vm-3\" width=\"270\" height=\"180\" srcset=\"https:\/\/scmfronteira.pt\/wp-content\/uploads\/2016\/07\/VM.3-300x200.jpg 300w, https:\/\/scmfronteira.pt\/wp-content\/uploads\/2016\/07\/VM.3-768x512.jpg 768w, https:\/\/scmfronteira.pt\/wp-content\/uploads\/2016\/07\/VM.3-1024x683.jpg 1024w\" sizes=\"auto, (max-width: 270px) 100vw, 270px\" \/> <img loading=\"lazy\" decoding=\"async\" class=\"alignnone wp-image-336\" src=\"http:\/\/scmfronteira.pt\/wp-content\/uploads\/2016\/07\/VM.5-300x200.jpg\" alt=\"vm-5\" width=\"270\" height=\"180\" srcset=\"https:\/\/scmfronteira.pt\/wp-content\/uploads\/2016\/07\/VM.5-300x200.jpg 300w, https:\/\/scmfronteira.pt\/wp-content\/uploads\/2016\/07\/VM.5-768x512.jpg 768w, https:\/\/scmfronteira.pt\/wp-content\/uploads\/2016\/07\/VM.5-1024x683.jpg 1024w\" sizes=\"auto, (max-width: 270px) 100vw, 270px\" \/><\/p>\n<p>Inaugura\u00e7\u00e3o do Edif\u00edcio do Centro de Dia de Vale de Maceiras<\/p>\n<p>Iniciando com a capacidade para\u00a0 20 utentes<\/p>\n<p><strong>Com o Hor\u00e1rio de funcionamento<\/strong><\/p>\n<p>Das 8.00h \u00e1s 20.00h<\/p>\n<p>De Segunda-feira a S\u00e1bado &#8211; encerrando Domingos e feriados.<\/p>\n<p><strong>Servi\u00e7os prestados<\/strong>:<\/p>\n<p>Alimenta\u00e7\u00e3o<\/p>\n<ul>\n<li>pequeno Almo\u00e7o<\/li>\n<li>Almo\u00e7o<\/li>\n<li>Lanche<\/li>\n<li>Jantar<\/li>\n<\/ul>\n<p><strong>\u00a0<\/strong><\/p>\n<p>&nbsp;<\/p>\n","protected":false},"excerpt":{"rendered":"<p class=\"qua-blog-post-description\">Inaugura\u00e7\u00e3o do Edif\u00edcio do Centro de Dia de Vale de Maceiras Iniciando com a capacidade para\u00a0 20 utentes Com o Hor\u00e1rio de funcionamento Das 8.00h \u00e1s 20.00h De Segunda-feira a S\u00e1bado &#8211; encerrando Domingos e feriados. Servi\u00e7os prestados: Alimenta\u00e7\u00e3o pequeno Almo\u00e7o Almo\u00e7o Lanche Jantar \u00a0 &nbsp;<\/p>\n","protected":false},"author":1,"featured_media":202,"parent":0,"menu_order":0,"comment_status":"closed","ping_status":"closed","template":"","meta":{"footnotes":""},"class_list":["post-87","page","type-page","status-publish","has-post-thumbnail","hentry"],"_links":{"self":[{"href":"https:\/\/scmfronteira.pt\/index.php?rest_route=\/wp\/v2\/pages\/87","targetHints":{"allow":["GET"]}}],"collection":[{"href":"https:\/\/scmfronteira.pt\/index.php?rest_route=\/wp\/v2\/pages"}],"about":[{"href":"https:\/\/scmfronteira.pt\/index.php?rest_route=\/wp\/v2\/types\/page"}],"author":[{"embeddable":true,"href":"https:\/\/scmfronteira.pt\/index.php?rest_route=\/wp\/v2\/users\/1"}],"replies":[{"embeddable":true,"href":"https:\/\/scmfronteira.pt\/index.php?rest_route=%2Fwp%2Fv2%2Fcomments&post=87"}],"version-history":[{"count":8,"href":"https:\/\/scmfronteira.pt\/index.php?rest_route=\/wp\/v2\/pages\/87\/revisions"}],"predecessor-version":[{"id":579,"href":"https:\/\/scmfronteira.pt\/index.php?rest_route=\/wp\/v2\/pages\/87\/revisions\/579"}],"wp:featuredmedia":[{"embeddable":true,"href":"https:\/\/scmfronteira.pt\/index.php?rest_route=\/wp\/v2\/media\/202"}],"wp:attachment":[{"href":"https:\/\/scmfronteira.pt\/index.php?rest_route=%2Fwp%2Fv2%2Fmedia&parent=87"}],"curies":[{"name":"wp","href":"https:\/\/api.w.org\/{rel}","templated":true}]}}